{"id":10713,"date":"2022-05-01T13:37:19","date_gmt":"2022-05-01T11:37:19","guid":{"rendered":"https:\/\/www.parafiawierzbno.com.pl\/?page_id=10713"},"modified":"2026-08-31T07:51:08","modified_gmt":"2026-08-31T05:51:08","slug":"intencje-mszy-swietych","status":"publish","type":"page","link":"https:\/\/www.parafiawierzbno.com.pl\/?page_id=10713","title":{"rendered":"Intencje Mszy \u015awi\u0119tych"},"content":{"rendered":"<h2 style=\"text-align: center;\"><strong>31. sierpnia 2026 r. \u2013 6. wrze\u015bnia 2026r.<\/strong><\/h2>\n<table style=\"width: 100%; height: 808px;\">\n<tbody>\n<tr style=\"height: 112px;\">\n<td style=\"height: 112px;\" width=\"177\"><strong>31. sierpnia . <\/strong><em>pn.<\/em><\/td>\n<td style=\"height: 112px;\" width=\"535\"><strong>17.30 + <\/strong>Mariana Santorka w 30-sty dzie\u0144 \u015bmierci, of. upg<\/p>\n<p><strong>18.00<\/strong> +Jacka Ga\u0142eckiego, of. \u017cona z dziecmi<\/td>\n<\/tr>\n<tr style=\"height: 112px;\">\n<td style=\"height: 112px;\" width=\"177\"><strong>1. wrze\u015bnia &nbsp;.<\/strong> wt.<\/td>\n<td style=\"height: 112px;\" width=\"535\"><strong>8.00 <\/strong>W intencji uczni\u00f3w, nauczycieli, pracownik\u00f3w szko\u0142y z racji rozpocz\u0119cia Nowego Roku Szkolnego<\/p>\n<p><strong>18.00<\/strong> +Halin\u0119 w 6 miesi\u0105c po \u015bmierci i J\u00f3zefa Weiman, zm. rodzic\u00f3w z obojga stron<\/td>\n<\/tr>\n<tr style=\"height: 112px;\">\n<td style=\"height: 112px;\" width=\"177\"><strong>2. wrze\u015bnia . &nbsp;<\/strong>\u015br.<\/td>\n<td style=\"height: 112px;\" width=\"535\"><strong>9.00 <\/strong>W intencji parafian<\/p>\n<p><strong>18.00<\/strong> &nbsp;+ Bronis\u0142awa, Stefani\u0119, Justyn\u0119, Danut\u0119 Kra\u015bnych, dziadk\u00f3w z obu stron, Jerzego Przyby\u0142ka, W\u0142adys\u0142awa, Alfred\u0119, Henryka Chmielewskich, dziadk\u00f3w z obu stron<\/td>\n<\/tr>\n<tr style=\"height: 64px;\">\n<td style=\"height: 64px;\" width=\"177\"><strong>3. wrze\u015bnia. <\/strong>&nbsp;<em>cz.<\/em><\/td>\n<td style=\"height: 64px;\" width=\"535\"><strong>18.00<\/strong> &nbsp;+ Iren\u0119 Zalewsk\u0105, of. kole\u017canki z pracy Ewy<\/td>\n<\/tr>\n<tr style=\"height: 112px;\">\n<td style=\"height: 112px;\" width=\"177\"><strong>4. wrze\u015bnia &nbsp;&nbsp;. <\/strong>pt.<\/td>\n<td style=\"height: 112px;\" width=\"535\"><strong>7.30 + <\/strong>W intencji zmar\u0142ych polecanych w wypominkach<\/p>\n<p><strong>18.00<\/strong> &nbsp;+ Bogus\u0142awa Wojty\u0144skiego 31 r.\u015b.i Cecyli\u0119 Sobiepanek 13 r.\u015b., of. rodzina<\/td>\n<\/tr>\n<tr style=\"height: 64px;\">\n<td style=\"height: 64px;\" width=\"177\"><strong>&nbsp;5. &nbsp;wrze\u015bnia .&nbsp; <\/strong><em>sb.<\/em><\/td>\n<td style=\"height: 64px;\" width=\"535\"><strong>18.00 <\/strong>&nbsp;+ Zmar\u0142ych z rodziny Chabier\u00f3w<\/td>\n<\/tr>\n<tr style=\"height: 232px;\">\n<td style=\"height: 232px;\" width=\"177\"><strong>6. wrze\u015bnia &nbsp;.<\/strong><\/p>\n<p><strong>XXIII Nieziela zwyk\u0142a<\/strong><\/td>\n<td style=\"height: 232px;\" width=\"535\"><strong>9.00 <\/strong>&nbsp;&nbsp;+ Jadwig\u0119 i W\u0142adys\u0142awa Zonik, Regin\u0119 i Roberta Tomkiewicz\u00f3w, Zbigniewa \u015awi\u0119ch, zm. Zr. Do\u0142owych, Zonik\u00f3w, Tomkiewicz\u00f3w, Jaworskich, \u015awi\u0119ch\u00f3w, zm. ksi\u0119\u017cy, kt\u00f3rzy pracowali w naszej parafii, dusze w czy\u015bcu cierpi\u0105ce, of. rodzina<\/p>\n<p><strong>11.00<\/strong> &nbsp;+ Iren\u0119 10 r.\u015b., Henryka, Zenona Karolka Kujaw\u00f3w.<\/p>\n<p><strong>18.00 <\/strong>W intencji parafian<\/td>\n<\/tr>\n<\/tbody>\n<\/table>\n","protected":false},"excerpt":{"rendered":"<p>31. sierpnia 2026 r. \u2013 6. wrze\u015bnia 2026r. 31. sierpnia . pn. 17.30 + Mariana Santorka w 30-sty dzie\u0144 \u015bmierci, of. upg 18.00 +Jacka Ga\u0142eckiego, of. \u017cona z dziecmi 1. wrze\u015bnia &nbsp;. wt. 8.00 W intencji uczni\u00f3w, nauczycieli, pracownik\u00f3w szko\u0142y z racji rozpocz\u0119cia Nowego Roku Szkolnego 18.00 +Halin\u0119 w 6 miesi\u0105c po \u015bmierci i J\u00f3zefa Weiman, zm. rodzic\u00f3w z obojga stron 2. wrze\u015bnia . &nbsp;\u015br. 9.00 W intencji parafian 18.00 &nbsp;+ Bronis\u0142awa, Stefani\u0119, Justyn\u0119, Danut\u0119 Kra\u015bnych, dziadk\u00f3w z obu stron, Jerzego Przyby\u0142ka, W\u0142adys\u0142awa, Alfred\u0119, Henryka Chmielewskich, dziadk\u00f3w z obu stron 3. wrze\u015bnia. &nbsp;cz. 18.00 &nbsp;+ Iren\u0119 Zalewsk\u0105, of. kole\u017canki z pracy Ewy 4. wrze\u015bnia &nbsp;&nbsp;. pt. 7.30 + W intencji zmar\u0142ych polecanych w wypominkach 18.00 &nbsp;+ Bogus\u0142awa Wojty\u0144skiego 31 r.\u015b.i Cecyli\u0119 Sobiepanek 13 r.\u015b., of. rodzina &nbsp;5. &nbsp;wrze\u015bnia .&nbsp; sb. 18.00 &nbsp;+ Zmar\u0142ych z rodziny Chabier\u00f3w 6. wrze\u015bnia &nbsp;. XXIII Nieziela zwyk\u0142a 9.00 &nbsp;&nbsp;+ Jadwig\u0119 i W\u0142adys\u0142awa Zonik, Regin\u0119 i \u2026 <a class=\"continue-reading-link\" href=\"https:\/\/www.parafiawierzbno.com.pl\/?page_id=10713\">Czytaj dalej <span class=\"meta-nav\">&rarr; <\/span><\/a><\/p>\n","protected":false},"author":1,"featured_media":0,"parent":0,"menu_order":0,"comment_status":"closed","ping_status":"closed","template":"","meta":{"ngg_post_thumbnail":0},"_links":{"self":[{"href":"https:\/\/www.parafiawierzbno.com.pl\/index.php?rest_route=\/wp\/v2\/pages\/10713"}],"collection":[{"href":"https:\/\/www.parafiawierzbno.com.pl\/index.php?rest_route=\/wp\/v2\/pages"}],"about":[{"href":"https:\/\/www.parafiawierzbno.com.pl\/index.php?rest_route=\/wp\/v2\/types\/page"}],"author":[{"embeddable":true,"href":"https:\/\/www.parafiawierzbno.com.pl\/index.php?rest_route=\/wp\/v2\/users\/1"}],"replies":[{"embeddable":true,"href":"https:\/\/www.parafiawierzbno.com.pl\/index.php?rest_route=%2Fwp%2Fv2%2Fcomments&post=10713"}],"version-history":[{"count":234,"href":"https:\/\/www.parafiawierzbno.com.pl\/index.php?rest_route=\/wp\/v2\/pages\/10713\/revisions"}],"predecessor-version":[{"id":11565,"href":"https:\/\/www.parafiawierzbno.com.pl\/index.php?rest_route=\/wp\/v2\/pages\/10713\/revisions\/11565"}],"wp:attachment":[{"href":"https:\/\/www.parafiawierzbno.com.pl\/index.php?rest_route=%2Fwp%2Fv2%2Fmedia&parent=10713"}],"curies":[{"name":"wp","href":"https:\/\/api.w.org\/{rel}","templated":true}]}}