{"id":2101,"date":"2014-07-06T00:48:25","date_gmt":"2014-07-05T22:48:25","guid":{"rendered":"https:\/\/www.parafiawierzbno.com.pl\/?page_id=2101"},"modified":"2014-08-11T06:29:51","modified_gmt":"2014-08-11T04:29:51","slug":"ogloszenia-lipiec-2014","status":"publish","type":"page","link":"https:\/\/www.parafiawierzbno.com.pl\/?page_id=2101","title":{"rendered":"Og\u0142oszenia &#8211; Lipiec 2014"},"content":{"rendered":"<p><a title=\"Og\u0142oszenia parafialne\" href=\"https:\/\/www.parafiawierzbno.com.pl\/?page_id=225\">Powr\u00f3t do listy og\u0142osze\u0144<\/a><\/p>\n<h2 align=\"center\"><\/h2>\n<h2 align=\"center\"><span style=\"color: #ff0000;\"><b>17 Niedziela zwyk\u0142a \u2013 27 lipca 2014 r.<\/b><\/span><\/h2>\n<p><b><i>1.<\/i><\/b> Dzi\u015b odpust parafialny w Kopciach, a u nas z racji <b>\u015bw. Krzysztofa<\/b>, patrona automobilist\u00f3w, b\u0142ogos\u0142awie\u0144stwo pojazd\u00f3w po Mszy \u015bw. o 9.00 i o 11.00. Przy tej okazji sk\u0142adamy ofiary \u201e<b><i>Akcji \u015bw. Krzysztof 1 gr za 1 km na \u015brodki transportu dla misjonarzy\u201d<\/i><\/b>. Po Mszy \u015bw. o 9.00 zapraszam radnych na plebani\u0119 na kr\u00f3tkie spotkanie organizacyjne.<\/p>\n<p><b><i>2.<\/i><\/b> Zgodnie z decyzj\u0105 ks. Biskupa <b>ofiary na tac\u0119 3 sierpnia s\u0105 przeznaczone na Katolickie Radio Podlasie, <\/b>by op\u0142aci\u0107 koszty emisji programu naszego radia.<\/p>\n<p><b><i>3.<\/i><\/b> W najbli\u017csz\u0105 <b>niedziel\u0119 3 sierpnia oko\u0142o 17.00 przyb\u0119d\u0105 do nas na nocleg pielgrzymi z Bia\u0142ostockiej Pieszej Pielgrzymki<\/b>. Serdecznie prosz\u0119 o go\u015bcinne przyj\u0119cie ich do swoich dom\u00f3w. Przygotowujemy dla pielgrzym\u00f3w tradycyjnie pierogi i prosz\u0119 o przynoszenie tych pierog\u00f3w w sobot\u0119 i niedziel\u0119. Chcemy wsp\u00f3lnie zorganizowa\u0107 kolacj\u0119 i w poniedzia\u0142ek \u015bniadanie przed odej\u015bciem na pielgrzymi szlak. Prosz\u0119 o zg\u0142aszanie si\u0119 woluntariuszy, kt\u00f3rzy s\u0105 gotowi pom\u00f3c na plebanii w pos\u0142udze pielgrzymom.<\/p>\n<p><b><i>4.<\/i><\/b> Od poniedzia\u0142ku do czwartku nie b\u0119dzie mnie w parafii i nie b\u0119dzie te\u017c Mszy \u015bw. Planuj\u0119 kilka dni urlopu. W sprawach wa\u017cnych prosz\u0119 dzwoni\u0107, nr tel. na skrzynce pocztowej.<\/p>\n<p><b><i>5.<\/i><\/b> W tym tygodniu <b>pierwszy pi\u0105tek miesi\u0105ca<\/b>. Msza \u015bw. o 7.30 i 18.00, a po niej nabo\u017ce\u0144stwo wynagradzaj\u0105ce Naj\u015bwi\u0119tszemu Sercu Pana Jezusa. P\u00f3\u0142 godziny przede Msz\u0105 czekam w konfesjonale na penitent\u00f3w.<\/p>\n<p><b><i>6<\/i><\/b>. Od soboty 2 do 14 sierpnia planuj\u0119 w dni powszednie wprowadzi\u0107 o <b>20.00 Msz\u0119 \u015bw. w duchowej jedno\u015bci z pielgrzymami zd\u0105\u017caj\u0105cymi do Matki Bo\u017cej na Jasn\u0105 G\u00f3r\u0119<\/b>. Na tej Mszy b\u0119d\u0105 czytane intencje, a po niej R\u00f3\u017caniec i Apel Jasnog\u00f3rski.<\/p>\n<p><b><i>7<\/i><\/b>. W sobot\u0119 od rana zapraszam <b>mieszka\u0144c\u00f3w Lasu Jaworskiego<\/b>, aby posortowa\u0107 \u015bmieci na cmentarzu i wywie\u017a\u0107 li\u015bcie i traw\u0119 na kompostownik. Dzi\u0119kuj\u0119 za sprz\u0105tanie w ko\u015bciele rodzinom z Sobonia, a na sobot\u0119 do sprz\u0105tania zapraszam: p. Zofi\u0119 Zaboklick\u0105, Danut\u0119 Ho\u0142ubiec oraz El\u017cbiet\u0119 i Kazimierza Zalewskich z Sobonia.<\/p>\n<p><b><i>8.<\/i><\/b> Dzi\u0119ki Bogu, ju\u017c <b>uko\u0144czyli\u015bmy prace przy budowie ubikacji<\/b>. Z ca\u0142ego serca dzi\u0119kuj\u0119 tym, kt\u00f3rzy w\u0142o\u017cyli du\u017co wysi\u0142ku i ch\u0119tnie anga\u017cowali si\u0119 na ka\u017cd\u0105 pro\u015bb\u0119. W tym tygodniu wytrwale pracowali: p. Ryszard Kujawa i Dariusz Wr\u00f3blewski przy wyko\u0144czeniu wn\u0119trza, Krzysztof Ko\u0142ak i Jacek Skar\u017cy\u0144ski przy uk\u0142adaniu chodnika, a Marek Ku\u015bmierczyk ze swoj\u0105 brygad\u0105 wykona\u0142 elewacj\u0119 zewn\u0119trzn\u0105. Na ten cel wp\u0142yn\u0119\u0142y nast\u0119puj\u0105ce ofiary: W\u0142odzimierz i Monika Durka \u2013 100 z\u0142, p. Dunia \u2013 100 z\u0142, Janina Lipka \u2013 200 z\u0142 i bezimienna \u2013 50 z\u0142. Serdeczne \u201eB\u00f3g zap\u0142a\u0107!\u201d Pragn\u0119 poinformowa\u0107, \u017ce na t\u0119 budow\u0119 wp\u0142yn\u0119\u0142o og\u00f3\u0142em 5400 z\u0142 ofiar, a na materia\u0142y budowlane by\u0142o wydane 18\u00a0180 z\u0142.<\/p>\n<p><b><i>9.<\/i><\/b> Informujemy, ze <b>1 sierpnia w pi\u0105tek<\/b> z powodu braku pr\u0105du gabinet lekarski w Wierzbnie b\u0119dzie nieczynny. Zast\u0119pstwo w nag\u0142ych zachorowaniach w W\u0119growie, ul. Przemys\u0142owa 7.<\/p>\n<p><b><i>10.<\/i><\/b> W nowym nr \u201eEcha Katolickiego\u201d znajdziemy ciekawe artyku\u0142y o Powstaniu Warszawskim, a tak\u017ce o sztuce wychowania i stawianiu dzieciom jasnych wymaga\u0144.<\/p>\n<h2 align=\"center\"><span style=\"color: #ff0000;\"><b>16 Niedziela zwyk\u0142a \u2013 20 lipca 2014 r.<\/b><\/span><\/h2>\n<p><b><i>1.<\/i><\/b> Dzi\u015b 16 niedziela zwyk\u0142a i <b>odpust parafialny w Oleksinie<\/b>. Szczeg\u00f3ln\u0105 modlitw\u0105 otaczajmy rolnik\u00f3w rozpoczynaj\u0105cych \u017cniwa, niech Pan udziela im swego b\u0142ogos\u0142awie\u0144stwa i obdarza sprzyjaj\u0105c\u0105 pogod\u0105.<\/p>\n<p><b><i>2.<\/i><\/b> W przysz\u0142\u0105 niedziel\u0119 <b>z racji \u015bw. Krzysztofa i Dnia automobilisty<\/b> po Mszy \u015bw. o 9.00 i 11.00 b\u0142ogos\u0142awie\u0144stwo pojazd\u00f3w. Ofiary zbierane przy tej okazji s\u0105 przeznaczone na zakup pojazd\u00f3w dla misjonarzy. W <b>niedziel\u0119 27 lipca<\/b> po Mszy o 9.00 <b>spotkanie rady parafialnej<\/b>.<\/p>\n<p><b><i>3.<\/i><\/b> W sobot\u0119 <b>26 lipca zapraszamy wszystkich ch\u0119tnych do wzi\u0119cia udzia\u0142u w uroczysto\u015bciach upami\u0119tniaj\u0105cych wymarsz plutonu AK z 11 Plac\u00f3wki Wierzbno do akcji \u201eBurza\u201d<\/b> w 70 rocznic\u0119 tego wydarzenia. Program uroczysto\u015bci: <b><i>15.15<\/i><\/b> \u2013 Msza \u015bw. w intencji \u017co\u0142nierzy AK, <b><i>16.00<\/i><\/b> \u2013 Zbi\u00f3rka przed urz\u0119dem Gminy, przemarsz przez las do krzy\u017ca. <b><i>17.00<\/i><\/b> \u2013 chwila zadumy w scenerii tamtych lat.<\/p>\n<p><b><i>4.<\/i><\/b> W sobot\u0119 <b>Dzie\u0144 wdzi\u0119czno\u015bci rodzicom, dziadkom i emerytom<\/b> z racji wspomnienia \u015bw. Joachima i Anny, rodzic\u00f3w Naj\u015bwi\u0119tszej Maryi Panny. Na co dzie\u0144 chciejmy okazywa\u0107 ludziom starszym wiele dobroci i mi\u0142o\u015bci, ale w tym dniu szczeg\u00f3lnie wyra\u017amy im nasz\u0105 pami\u0119\u0107 i wdzi\u0119czno\u015b\u0107.<\/p>\n<p><b><i>5.<\/i><\/b> Z serca dzi\u0119kuj\u0119 glazurnikom z Pniewnika, kt\u00f3rzy w ci\u0105gu czerech dni u\u0142o\u017cyli p\u0142ytki i terakot\u0119 w ubikacji. Dzi\u0119kuj\u0119 p. Krzysztofowi Bia\u0142ouszowi za wykonanie podbitki dachu. Z Bo\u017c\u0105 pomoc\u0105, chcia\u0142bym uko\u0144czy\u0107 ca\u0142\u0105 budow\u0119 do przysz\u0142ej niedzieli, tj. 27 lipca. Dzi\u0119kuj\u0119 za ofiary na ten cel: <b><i>po 100 z\u0142:<\/i><\/b> p. W\u0142adys\u0142aw Zbie\u0107, Ryszard Wiel\u0105dek, bezimienna oraz Roman Gogola; <b><i>po 200 z\u0142:<\/i><\/b> p. Barbara i Miros\u0142aw Patoka, oraz bezimienna. Serdeczne \u201eB\u00f3g zap\u0142a\u0107!\u201d<\/p>\n<p><b><i>6.<\/i><\/b> Wszystko wskazuje na to, \u017ce <b>nie b\u0119dzie pielgrzymki do Wambierzyc i w G\u00f3ry Sto\u0142owe<\/b>. Mam zg\u0142oszonych 15 os\u00f3b, a potrzeba jeszcze 23 ch\u0119tnych, aby dope\u0142ni\u0107 autobus. Je\u015bli dzi\u015b nie zbierze si\u0119 komplet, to jutro cofam rezerwacj\u0119 nocleg\u00f3w i posi\u0142k\u00f3w.<\/p>\n<p><b><i>7.<\/i><\/b> Z ca\u0142ego serca <b>dzi\u0119kuj\u0119 za sprz\u0105tanie na cmentarzu<\/b>, oczyszczanie chodnik\u00f3w z trawy, nast\u0119puj\u0105cym mieszka\u0144com Jaworka: p. Gra\u017cynie Cichockiej, Annie Chro\u015bcickiej, Halinie Mr\u00f3z, Agnieszce \u0141okietek, Danucie Ku\u015bmierczyk, Andrzejowi Lipce i Zbigniewowi Podlaszewskiemu. Dzi\u0119kuj\u0119 tak\u017ce <b>rodzinom z Sobonia sprz\u0105taj\u0105cym w ko\u015bciele<\/b> i wok\u00f3\u0142 \u015bwi\u0105tyni. Na sobot\u0119 do sprz\u0105tania ko\u015bcio\u0142a zapraszam: p. Romana Redka, Mariana Korczak, Marzen\u0119 i Wojciecha Kazimierskich z Sobonia.<\/p>\n<p><b><i>8.<\/i><\/b> W <b>nowym nr. \u201eEcha Katolickiego\u201d<\/b> mo\u017cemy przeczyta\u0107, na czym polega fenomen Radia Maryja, a tak\u017ce o g\u0142\u00f3wnych grzechach polskich kierowc\u00f3w. Czy z \u0142amania przepis\u00f3w drogowych trzeba si\u0119 spowiada\u0107?<\/p>\n<p><b><i>9.<\/i><\/b> Pan B\u00f3g powo\u0142a\u0142 do wieczno\u015bci <b>\u015bp. Zygmunta Skar\u017cy\u0144skiego<\/b>. W czwartek o 18.30 zapraszam na Msz\u0119 \u015bw. w 7 dzie\u0144 po jego \u015bmierci. Z ofiar zebranych na pogrzebie b\u0119dzie odprawionych 13 Mszy \u015bw. o zbawienie jego duszy. <i>Wieczny odpoczynek racz mu da\u0107, Panie&#8230;<\/i><\/p>\n<h2 align=\"center\"><span style=\"color: #ff0000;\"><b>15 Niedziela zwyk\u0142a \u2013 13 lipca 2014 r.<\/b><\/span><\/h2>\n<p><b><i>1<\/i><\/b>. Dzi\u015b 15 Niedziela zwyk\u0142a, a z racji rocznicy objawie\u0144 Matki Bo\u017cej w Fatimie, <b>po sumie nabo\u017ce\u0144stwo fatimskie<\/b>, chcemy si\u0119 modli\u0107 za nasz\u0105 Ojczyzn\u0119, aby Polacy strzegli chrze\u015bcija\u0144skich warto\u015bci i budowali sw\u0105 przysz\u0142o\u015b\u0107 na fundamencie mi\u0142o\u015bci i wzajemnego poszanowania.<\/p>\n<p><b><i>2<\/i><\/b>. W odpowiedzi na list ks. Biskupa Kazimierza Gurdy zach\u0119cam do pielgrzymowania na Jasn\u0105 G\u00f3r\u0119, kto mo\u017ce niech wybierze si\u0119 na pielgrzymi szlak. Je\u015bli b\u0119d\u0119 w formie, planuj\u0119 jeden dzie\u0144 przej\u015b\u0107 razem z pielgrzymami z Bia\u0142ostockiej Pielgrzymki. Na stoliku za \u0142awkami le\u017c\u0105 karty duchowego uczestnictwa w pielgrzymce. Prosz\u0119, aby jak w ubieg\u0142ych latach, przygotowa\u0107 pierogi na kolacj\u0119 i \u015bniadanie dla pielgrzym\u00f3w z Bia\u0142ostockiej Pieszej Pielgrzymki. <b>W<\/b> <b>niedziel\u0119 3 sierpnia o 17.00 przyjdzie do nas oko\u0142o 350 os\u00f3b i pozostanie na nocleg<\/b>. Gor\u0105ca pro\u015bba: otw\u00f3rzmy nasze serca i drzwi dom\u00f3w, aby strudzeni pielgrzymi mogli do\u015bwiadczy\u0107 naszej go\u015bcinno\u015bci.<\/p>\n<p><b><i>3<\/i><\/b>. Zach\u0119cam do udzia\u0142u <b>w pielgrzymce<\/b> <b>27-30 lipca<\/b> do Matki Bo\u017cej \u015anie\u017cnej na Iglicznej, do Wambierzyc do Matki Bo\u017cej Opiekunki rodzin, a tak\u017ce w G\u00f3ry Sto\u0142owe, B\u0142\u0119dne Ska\u0142y, Szczeliniec i we Wroc\u0142awiu do zobaczenia Panorama Rac\u0142awicka. Koszt pielgrzymki 300 z\u0142.<\/p>\n<p><b><i>4<\/i><\/b>. By\u0142oby dobrze <b>24 sierpnia<\/b> <b>zorganizowa\u0107 Do\u017cynki Parafialne<\/b>. Serdecznie prosz\u0119 aby ka\u017cda miejscowo\u015b\u0107 zatroszczy\u0142a si\u0119 o wykonanie wie\u0144ca, jako znak wdzi\u0119czno\u015bci Panu Bogu, a tak\u017ce przygotowa\u0142a kr\u00f3tki program artystyczny (np. odpowiedni wiersz i piosenk\u0119).<\/p>\n<p><b><i>5.<\/i><\/b> Przewodnicz\u0105cy Rady ds. Rodziny zach\u0119ca do sk\u0142adania podpis\u00f3w pod<b> \u201eUstaw\u0105 o klauzuli sumienia pacjenta\u201d<\/b>. Wielu pacjent\u00f3w wprost wyra\u017ca potrzeb\u0119 posiadania informacji o tym, jakie standardy moralne stosuje dana plac\u00f3wka medyczna. Pragniemy na przysz\u0142o\u015b\u0107 zapobiec agresywnym dzia\u0142aniom grup ideologicznych i medi\u00f3w. Podpisy prosz\u0119 sk\u0142ada\u0107 na listach le\u017c\u0105cych na stoliku za \u0142awkami.<\/p>\n<p><b><i>6<\/i><\/b>. Dzi\u0119ki Bogu, w tym tygodniu du\u017co pracy wykonano przy budowie ubikacji. Jest ju\u017c pod\u0142\u0105czone ogrzewanie pod\u0142ogowe i mam nadziej\u0119, \u017ce zd\u0105\u017cymy do pocz\u0105tku sierpnia wszystko uko\u0144czy\u0107. Z serca dzi\u0119kuj\u0119 za prac\u0119 p. Arkadiuszowi Florowskiemu, Janowi G\u00f3jskiemu, Krzysztofowi Staniszewskiemu, Micha\u0142owi W\u0105sowskiemu, Micha\u0142owi J\u00f3\u017awikowi, a tak\u017ce W\u0142odzimierzowi Wi\u015bniewskiemu za wykonanie ogrodzenia, Markowi W\u0105sowskiemu za pod\u0142\u0105czenia hydrauliczne, Andrzejowi Mrozowi za piasek na chodnik. Od poniedzia\u0142ku glazurnicy b\u0119d\u0105 k\u0142a\u015b\u0107 terakot\u0119 i p\u0142ytki ceramiczne, a Krzysztof Ko\u0142ak obieca\u0142 wy\u0142o\u017cy\u0107 kostk\u0105 chodnik. Dzi\u0119kuj\u0119 Kamilowi Jaworskiemu i Kamilowi Wojty\u0144skiemu za przywiezienie ziemi na teren przy boisku parafialnym. <b>Serdeczne<\/b> <b>\u201eB\u00f3g zap\u0142a\u0107!\u201d za ofiary na budow\u0119 ubikacji<\/b>: <b><i>po 100 z\u0142<\/i><\/b> \u2013 Mieczys\u0142aw \u0141abarzewski, Alfred Chabiera z W\u00f3lki, Sabina Brzuszkiewicz, Agnieszka i Krzysztof Mr\u00f3z, Jerzy Leszczy\u0144ski i bezimienna, oraz <b><i>po 200 z\u0142<\/i><\/b> &#8211; Teresa i Waldemar Jachimowiczowie, Ewa i Adam Brzuszkiewicz.<\/p>\n<p style=\"text-align: left;\"><b><i>7.<\/i><\/b> Serdecznie <b>dzi\u0119kuj\u0119 za sprz\u0105tanie ko\u015bcio\u0142a rodzinom z Sobonia<\/b>, a na sobot\u0119 zapraszam: p. Jolant\u0119 i Andrzeja Barcz, Krystyn\u0119 Bojanowicz i Iren\u0119 Kujawa.<\/p>\n<p style=\"text-align: left;\"><b><i>8.<\/i><\/b> Zach\u0119cam do lektury nowy nr Echa Katolickiego. Znajdziemy informacje o cudzie dzi\u0119ki wstawiennictwu b\u0142. M\u0119czennik\u00f3w Podlaskich, a tak\u017ce co trzeba wiedzie\u0107 zanim wyruszymy na pielgrzymi szlak do Matki Bo\u017cej na Jasn\u0105 G\u00f3r\u0119.<\/p>\n<h2 style=\"text-align: center;\">\u00a0<span style=\"color: #ff0000;\"><b>14 Niedziela zwyk\u0142a \u2013 6 lipca 2014 r.<\/b><\/span><\/h2>\n<p><b><i>1.<\/i><\/b> <b>Witamy we wsp\u00f3lnocie parafialnej alumna WSD w Nowym Opolu k. Siedlec<\/b>. Modlitwami i ofiarami na tac\u0119 wspieramy nasz\u0105 uczelni\u0119, formuj\u0105c\u0105 przysz\u0142ych kap\u0142an\u00f3w. Z serca dzi\u0119kujemy alumnowi <b>\u0141ukaszowi<\/b> za refleksj\u0119 i \u015bwiadectwo o swoim powo\u0142aniu do s\u0142u\u017cby w Ko\u015bciele. Po Mszy mo\u017cemy naby\u0107 ksi\u0105\u017cki, kt\u00f3re s\u0105 cegie\u0142k\u0105 na utrzymanie seminarium.<\/p>\n<p><b><i>2.<\/i><\/b> Dzi\u015b <b>niedziela miesi\u0119cznej adoracji Naj\u015bwi\u0119tszego Sakramentu<\/b>. Po sumie adoracja i procesja eucharystyczna wok\u00f3\u0142 ko\u015bcio\u0142a, a po niej zmianka tajemnic r\u00f3\u017ca\u0144cowych. Ofiarami do puszek wspieramy misje w Bulo Bulo w Boliwii. <b><i>Intencje Apostolstwa Modlitwy na lipiec<\/i><\/b>: <b><span style=\"text-decoration: underline;\">Og\u00f3lna:<\/span><\/b> <i>Aby uprawianie sportu by\u0142o okazj\u0105 do umacniania braterstwa i rozwoju ludzkiego. <b><span style=\"text-decoration: underline;\">Misyjna:<\/span><\/b> Aby Duch \u015awi\u0119ty wspiera\u0142 dzie\u0142o \u015bwieckich, kt\u00f3rzy g\u0142osz\u0105 Ewangeli\u0119 w krajach najubo\u017cszych<\/i>.<\/p>\n<p><b><i>3.<\/i><\/b> W sobot\u0119 od 9.00 <b>do sprz\u0105tania na cmentarzu zapraszam parafian z Jaworka<\/b>. Nale\u017ca\u0142oby oczy\u015bci\u0107 alejki na cmentarzu, posegregowa\u0107 \u015bmieci i wywie\u017a\u0107 je na kompostownik. Dzi\u0119kuj\u0119 za sprz\u0105tanie przy ko\u015bciele p. Kazimierzowi i Mariuszowi Madziarowi. W sobot\u0119 <b>do sprz\u0105tania ko\u015bcio\u0142a<\/b> zapraszam: p. Stanis\u0142awa i Czes\u0142aw\u0119 Smoli\u0144skich, Andrzeja i Agnieszk\u0119 Chabiera oraz Eugeniusza i Halin\u0119 Szatkowskich z Sobonia.<\/p>\n<p><b><i>4.<\/i><\/b> W przysz\u0142\u0105 niedziel\u0119, <b>13 lipca, po sumie nabo\u017ce\u0144stwo fatimskie<\/b> wok\u00f3\u0142 ko\u015bcio\u0142a i na cmentarzu. Zach\u0119cam do licznego udzia\u0142u w modlitwie.<\/p>\n<p><b><i>5<\/i><\/b>. Planujemy autokarow\u0105 <b>pielgrzymk\u0119 do Wambierzyc, w G\u00f3ry Sto\u0142owe i do Matki Bo\u017cej \u015anie\u017cnej na Iglicznej<\/b> w dniach <b>27-30 lipca<\/b>. Ch\u0119tnych prosz\u0119 o zg\u0142aszanie z podaniem nr PESEL.<\/p>\n<p><b><i>6.<\/i><\/b> Jak co roku <b>3 sierpnia<\/b> b\u0119dziemy go\u015bcili pielgrzym\u00f3w 28 Bia\u0142ostockiej Pieszej Pielgrzymki na Jasn\u0105 G\u00f3r\u0119. Zatroszczymy si\u0119 o przygotowanie posi\u0142ku\u00a0 dla ok. 350 os\u00f3b i zach\u0119cam, kto mo\u017ce, do przyj\u0119cia pielgrzym\u00f3w do swych dom\u00f3w. W dwa dni p\u00f3\u017aniej, <b>5 sierpnia<\/b>, do Wierzbna na odpoczynek przyjad\u0105 pielgrzymi Bia\u0142ostockiej Rowerowej Pielgrzymki na Jasn\u0105 G\u00f3r\u0119.<\/p>\n<p><b><i>7.<\/i><\/b> Z ca\u0142ego serca dzi\u0119kuj\u0119 tym, kt\u00f3rzy w poniedzia\u0142ek i wtorek wytrwale pracowali, aby doprowadzi\u0107 wod\u0119 i elektryczno\u015b\u0107 do buduj\u0105cej si\u0119 ubikacji. Serdecznie dzi\u0119kuj\u0119 p. Arkadiuszowi Florowskiemu i Janowi G\u00f3jskiemu za po\u0142o\u017cenie tynk\u00f3w. P. W\u0142odzimierz Wi\u015bniewski z Pniewnika wykonuje ogrodzenie, aby by\u0142o wej\u015bcie od ulicy. Dzi\u0119kuj\u0119 p. Marianowi \u0141abarzewskiemu z Jab\u0142onnej za ufundowanie p\u0142ytek ceramicznych na \u015bciany i pod\u0142og\u0119 ubikacji. <b>B\u00f3g zap\u0142a\u0107!\u201d za ofiary na budow\u0119<\/b>: p. Miklaszewski Andrzej, Tafil Regina z Sobonia, \u0141ukasiak Henryk i Eugeniusz Kujawa z Warszawy (ofiary po 100 z\u0142) oraz bezimienna 500 z\u0142.<\/p>\n<p><b><i>8.<\/i><\/b> W nowym nr \u201eEcha Katolickiego\u201d znajdziemy ciekawe artyku\u0142y, m.in. o zmianach duchowie\u0144stwa w parafiach naszej diecezji, czy poruszaj\u0105ce \u015bwiadectwo o \u0142askach uproszonych przez nowenn\u0119 do Matki Bo\u017cej Nieustaj\u0105cej Pomocy.<\/p>\n<p><b><i>9.<\/i><\/b> <b>Pan B\u00f3g powo\u0142a\u0142 do wieczno\u015bci \u015bp. Krzysztofa Sledziewskiego<\/b>. Otaczajmy go naszymi modlitwami i zapraszam na Msz\u0119 \u015bw. w \u015brod\u0119 o 18.00 w 7 dzie\u0144 po jego \u015bmierci. <i>Wieczny odpoczynek racz mu da\u0107, Panie..<\/i><\/p>\n","protected":false},"excerpt":{"rendered":"<p>Powr\u00f3t do listy og\u0142osze\u0144 17 Niedziela zwyk\u0142a \u2013 27 lipca 2014 r. 1. Dzi\u015b odpust parafialny w Kopciach, a u nas z racji \u015bw. Krzysztofa, patrona automobilist\u00f3w, b\u0142ogos\u0142awie\u0144stwo pojazd\u00f3w po Mszy \u015bw. o 9.00 i o 11.00. Przy tej okazji sk\u0142adamy ofiary \u201eAkcji \u015bw. Krzysztof 1 gr za 1 km na \u015brodki transportu dla misjonarzy\u201d. Po Mszy \u015bw. o 9.00 zapraszam radnych na plebani\u0119 na kr\u00f3tkie spotkanie organizacyjne. 2. Zgodnie z decyzj\u0105 ks. Biskupa ofiary na tac\u0119 3 sierpnia s\u0105 przeznaczone na Katolickie Radio Podlasie, by op\u0142aci\u0107 koszty emisji programu naszego radia. 3. W najbli\u017csz\u0105 niedziel\u0119 3 sierpnia oko\u0142o 17.00 przyb\u0119d\u0105 do nas na nocleg pielgrzymi z Bia\u0142ostockiej Pieszej Pielgrzymki. Serdecznie prosz\u0119 o go\u015bcinne przyj\u0119cie ich do swoich dom\u00f3w. Przygotowujemy dla pielgrzym\u00f3w tradycyjnie pierogi i prosz\u0119 o przynoszenie tych pierog\u00f3w w sobot\u0119 i niedziel\u0119. Chcemy wsp\u00f3lnie zorganizowa\u0107 kolacj\u0119 i w poniedzia\u0142ek \u015bniadanie przed odej\u015bciem na pielgrzymi szlak. Prosz\u0119 o zg\u0142aszanie \u2026 <a class=\"continue-reading-link\" href=\"https:\/\/www.parafiawierzbno.com.pl\/?page_id=2101\">Czytaj dalej <span class=\"meta-nav\">&rarr; <\/span><\/a><\/p>\n","protected":false},"author":1,"featured_media":0,"parent":225,"menu_order":0,"comment_status":"closed","ping_status":"closed","template":"","meta":{"ngg_post_thumbnail":0},"_links":{"self":[{"href":"https:\/\/www.parafiawierzbno.com.pl\/index.php?rest_route=\/wp\/v2\/pages\/2101"}],"collection":[{"href":"https:\/\/www.parafiawierzbno.com.pl\/index.php?rest_route=\/wp\/v2\/pages"}],"about":[{"href":"https:\/\/www.parafiawierzbno.com.pl\/index.php?rest_route=\/wp\/v2\/types\/page"}],"author":[{"embeddable":true,"href":"https:\/\/www.parafiawierzbno.com.pl\/index.php?rest_route=\/wp\/v2\/users\/1"}],"replies":[{"embeddable":true,"href":"https:\/\/www.parafiawierzbno.com.pl\/index.php?rest_route=%2Fwp%2Fv2%2Fcomments&post=2101"}],"version-history":[{"count":14,"href":"https:\/\/www.parafiawierzbno.com.pl\/index.php?rest_route=\/wp\/v2\/pages\/2101\/revisions"}],"predecessor-version":[{"id":2151,"href":"https:\/\/www.parafiawierzbno.com.pl\/index.php?rest_route=\/wp\/v2\/pages\/2101\/revisions\/2151"}],"up":[{"embeddable":true,"href":"https:\/\/www.parafiawierzbno.com.pl\/index.php?rest_route=\/wp\/v2\/pages\/225"}],"wp:attachment":[{"href":"https:\/\/www.parafiawierzbno.com.pl\/index.php?rest_route=%2Fwp%2Fv2%2Fmedia&parent=2101"}],"curies":[{"name":"wp","href":"https:\/\/api.w.org\/{rel}","templated":true}]}}