{"id":7242,"date":"2018-04-01T00:00:36","date_gmt":"2018-03-31T22:00:36","guid":{"rendered":"https:\/\/www.parafiawierzbno.com.pl\/?page_id=7242"},"modified":"2018-05-06T12:27:38","modified_gmt":"2018-05-06T10:27:38","slug":"ogloszenia-kwiecien-2018","status":"publish","type":"page","link":"https:\/\/www.parafiawierzbno.com.pl\/?page_id=7242","title":{"rendered":"Og\u0142oszenia &#8211; Kwiecie\u0144 2018"},"content":{"rendered":"<p><a title=\"Og\u0142oszenia parafialne\" href=\"https:\/\/www.parafiawierzbno.com.pl\/?page_id=225\">Powr\u00f3t do listy og\u0142osze\u0144<\/a><\/p>\n<h2 style=\"text-align: center;\"><span style=\"color: #ff0000;\">29 kwietnia \u2013 5 Niedziela Wielkanocy<\/span><\/h2>\n<p>1. Ju\u017c 5 Niedziela Wielkanocy. Dzi\u015b od 15.00 nabo\u017ce\u0144stwo po\u015bwi\u0119cenia p\u00f3l w Lesie Jaworskim i Helenowie. Zapraszam do wsp\u00f3lnej modlitwy o dobre urodzaje i b\u0142ogos\u0142awie\u0144stwo Bo\u017ce w trudnej pracy rolnik\u00f3w. Ofiary na tac\u0119 s\u0105 przeznaczone na remont elewacji ko\u015bcio\u0142a i dzwonnicy. Jest grafik na maj dla czytaj\u0105cych S\u0142owo Bo\u017ce podczas Eucharystii.<\/p>\n<p>2. Od wtorku rozpoczynamy miesi\u0105c maj po\u015bwi\u0119cony NMP. Zapraszam na nabo\u017ce\u0144stwa majowe: w dni powszednie po Mszy \u015bw. o 18.00 i w niedziel\u0119 20 minut przed sum\u0105. Dla dzieci b\u0119dzie konkurs aktywno\u015bci i majowa uk\u0142adanka. We wtorek wspomnienie&nbsp; \u015bw. J\u00f3zefa rzemie\u015blnika, Msza \u015bw. o 9.00 i 18.00. Od 15.00 po\u015bwi\u0119cenie p\u00f3l na W\u00f3lce i \u015awidnie, zako\u0144czone Eucharysti\u0105 o Bo\u017ce b\u0142ogos\u0142awie\u0144stwo dla rolnik\u00f3w.<\/p>\n<p>3. Z ca\u0142ego serca zapraszam parafian i go\u015bci na Maj\u00f3wk\u0119 Patriotyczn\u0105 w uroczysto\u015b\u0107 NMP Kr\u00f3lowej Polski. Rozpoczniemy uroczyst\u0105 Eucharysti\u0105 o godz. 11.00, nast\u0119pnie ods\u0142oni\u0119cie pomnika, apel poleg\u0142ych i koncert pie\u015bni patriotycznych w wykonaniu przedstawicieli ka\u017cdej miejscowo\u015bci naszej parafii. Chcemy zebranych ugo\u015bci\u0107&nbsp; herbat\u0105 i ciastem. Licz\u0119 na pyszne ciasto z ka\u017cdej miejscowo\u015bci. W uroczysto\u015b\u0107 NMP Kr\u00f3lowej Polski Msza \u015bw. o 9.00, 11.00 i 18.00.<\/p>\n<p>4. Bardzo serdecznie dzi\u0119kuj\u0119 p. S\u0142awomirowi Zaboklickiemu za wykonanie masztu dla flagi, a p. Wo\u0142kiewiczowi za przygotowanie pami\u0105tkowej tablicy, kt\u00f3ra b\u0119dzie uroczy\u015bcie ods\u0142oni\u0119ta 3 maja. Serdecznie dzi\u0119kuj\u0119 cz\u0142onkom Domowego Ko\u015bcio\u0142a za posprz\u0105tanie skwerku przed ko\u015bcio\u0142em.<\/p>\n<p>5.&nbsp;&nbsp;&nbsp;&nbsp; Pierwszy pi\u0105tek miesi\u0105ca, o 7.30 \u2013 Msza \u015bw. wynagradzaj\u0105ca Naj\u015bwi\u0119tszemu Sercu Pana Jezusa za grzechy nasze i ca\u0142ego \u015bwiata, a od 9.00 odwiedzam chorych pragn\u0105cych przyj\u0105\u0107 Chrystusa w Komunii \u015bw.<\/p>\n<p>6.&nbsp;&nbsp;&nbsp;&nbsp; W najbli\u017csz\u0105 niedziel\u0119 po Mszy \u015bw. o 9.00 katecheza i spotkanie dla rodzic\u00f3w i dzieci klasy III przygotowuj\u0105cych si\u0119 do pierwszej spowiedzi i Komunii \u015bw. Po sumie wystawienie Naj\u015bwi\u0119tszego Sakramentu, nabo\u017ce\u0144stwo majowe oraz procesja eucharystyczna z okazji pierwszej niedzieli miesi\u0105ca. Ofiarami na tac\u0119 wesprzemy druh\u00f3w stra\u017cak\u00f3w z OSP Wierzbno.<\/p>\n<p>7. Dzi\u0119kuj\u0119 p. Piotrowi Pi\u00f3rkowi za wykoszenie trawy w sadzie i przy organist\u00f3wce. Dzi\u0119kuj\u0119 za sprz\u0105tanie ko\u015bcio\u0142a rodzinom z Wierzbna. Na sobot\u0119 zapraszam: p. Mari\u0119 i W\u0142odzimierza Komorowskich oraz p. Anet\u0119 i Rafa\u0142a Miklaszewskich. Zapraszam tak\u017ce w sobot\u0119 mieszka\u0144c\u00f3w Jaworka do segregacji \u015bmieci na cmentarzu i wywiezieniu naturalnych odpad\u00f3w na kompostownik.<\/p>\n<p>8. Zach\u0119cam do lektury nowy Nr \u201eEcha Katolickiego\u201d. Przeczytamy czym jest wsp\u00f3\u0142czesny patriotyzm, o b\u0142. Hannie Chrzanowskiej i o Dniu Rodzin w Parczewie.<\/p>\n<p>9. Do Sakramentu Ma\u0142\u017ce\u0144stwa Micha\u0142 Tomkiewicz, kawaler ze \u015awidna i Anna Rostek, panna ze Stoczka, parafia \u015bw. Stanis\u0142awa biskupa i m\u0119czennika w Stoczku, zapowiedz druga. Otoczmy ich nasz\u0105 modlitw\u0105, aby z Bo\u017c\u0105 pomoc\u0105 stworzyli chrze\u015bcija\u0144sk\u0105 rodzin\u0119.<\/p>\n<p>10. Wczoraj w naszej \u015bwi\u0105tyni zawarli zwi\u0105zek ma\u0142\u017ce\u0144ski: Sylwia Ob\u0142oza i Karol Patoka oraz Olga Bardakova i Marcin Szatkowski. \u017byczymy Nowo\u017ce\u0144com, aby wzrastali w mi\u0142o\u015bci i \u0142asce Bo\u017cej.<\/p>\n<h2 style=\"text-align: center;\"><span style=\"color: #ff0000;\">22 kwietnia \u2013 4 Niedziela Wielkanocy<\/span><\/h2>\n<p>1. Dzisiejsza niedziela jest nazywana Niedziel\u0105 Dobrego Pasterza i rozpoczyna Tydzie\u0144 Modlitw o Powo\u0142ania Kap\u0142a\u0144skie i do \u017cycia konsekrowanego. Ofiary na tac\u0119 s\u0105 przeznczone na potrzeby Wy\u017cszego Seminarium Duchownego w Nowym Opolu.<\/p>\n<p>2. Zapraszam 3 maja w uroczysto\u015b\u0107 NMP Kr\u00f3lowej Polski na Maj\u00f3wk\u0119 Patriotyczn\u0105. Rozpoczniemy uroczyst\u0105 Msz\u0105 \u015bw. w intencji Ojczyzny o godz. 11.00, potem oficjalna cz\u0119\u015b\u0107 przy ods\u0142oni\u0119ciu tablicy w 100 rocznic\u0119 odzyskania niepodleg\u0142o\u015bci, apel poleg\u0142ych i koncert pie\u015bni patriotycznych w wykonaniu mieszka\u0144c\u00f3w naszej parafii. Serdecznie prosz\u0119, aby z ka\u017cdej miejscowo\u015bci przygotowa\u0107 trzy ciasta. S\u0105 zaproszeni go\u015bcie. To b\u0119dzie nasze wsp\u00f3lne \u015bwi\u0119towanie i dzi\u0119kczynienie za Ojczyzn\u0119. Dzi\u015b po ka\u017cdej Mszy \u015bw. przedstawiciele poszczeg\u00f3lnych miejscowo\u015bci mog\u0105 z pani\u0105 Anet\u0105 Miklaszewsk\u0105 zrobi\u0107 pr\u00f3b\u0119 \u015bpiewu pie\u015bni patriotycznych.<\/p>\n<p>3. Jutro uroczysto\u015b\u0107 \u015bw. Wojciecha, biskupa i m\u0119czennika, g\u0142\u00f3wnego patrona Polski. Zapraszam na Eucharysti\u0119 o 18.00.<\/p>\n<p>4. Z ca\u0142ego serca dzi\u0119kuj\u0119 p. Markowi Wiel\u0105dkowi oraz mieszka\u0144com Jan\u00f3wka i Jaworka za solidn\u0105 prac\u0119 przy odbijaniu opaski wok\u00f3\u0142 ko\u015bcio\u0142a. Informuj\u0119, \u017ce usuni\u0119cie betonowej opaski jest konieczne, aby usun\u0105\u0107 wilgo\u0107 z fundament\u00f3w.<\/p>\n<p>5. Dzi\u0119kuj\u0119 druhom stra\u017cakom za u\u0142o\u017cenie kostki przy kamieniu, na kt\u00f3rym wkr\u00f3tce b\u0119dzie pami\u0105tkowa tablica, upami\u0119tniaj\u0105ca setn\u0105 rocznic\u0119 odzyskania niepodleg\u0142o\u015bci. Panu Witoldowi Kujawie dzi\u0119kuj\u0119 za przesuni\u0119cie kamienia.<\/p>\n<p>6. W najbli\u017csz\u0105 niedziel\u0119 ofiary na tac\u0119 s\u0105 przeznaczone na remont elewacji ko\u015bcio\u0142a i dzwonnicy. 29 kwietnia rozpoczniemy nabo\u017ce\u0144stwo po\u015bwi\u0119cenia p\u00f3l od Lasu Jaworskiego i Helenowa. Pocz\u0105tek o godz. 15.00 i na zako\u0144czenie Msz\u0105 \u015bw. w Helenowie o Bo\u017ce b\u0142ogos\u0142awie\u0144stwo dla rolnik\u00f3w i obfite urodzaje. We wtorek, 1 maja, od 15.00 po\u015bwi\u0119cenie p\u00f3l na W\u00f3lce i w \u015awidnie, zako\u0144czone Eucharysti\u0105. W niedziel\u0119, 6 maja, od 15.00 po\u015bwi\u0119cenie p\u00f3l w Jan\u00f3wku i potem w Wygl\u0119d\u00f3wku. Zapraszam do wsp\u00f3lnej modlitwy.<\/p>\n<p>7. Do Sakramentu Ma\u0142\u017ce\u0144stwa przygotowuj\u0105 si\u0119: Karol Patoka, kawaler zam. w Helenowie i Sylwia Ob\u0142oza, panna zam. w Helenowie, zapowiedz trzecia; Micha\u0142 Tomkiewicz, kawaler ze \u015awidna i Anna Rostek, panna ze Stoczka, parafia \u015bw. Stanis\u0142awa biskupa i m\u0119czennika w Stoczku, zapowiedz pierwsza. Otoczmy ich nasz\u0105 modlitw\u0105, aby z Bo\u017c\u0105 pomoc\u0105 stworzyli chrze\u015bcija\u0144sk\u0105 rodzin\u0119.<\/p>\n<p>8. Dzi\u0119kuj\u0119 za sprz\u0105tanie ko\u015bcio\u0142a i na sobot\u0119 zapraszam: p. Jerzego Jaworowskiego, p. Zofi\u0119 Kobylsk\u0105 oraz p. Miros\u0142aw\u0119 i Witolda Okrzeja<\/p>\n<p>9. Zach\u0119cam do lektury nowy Nr \u201eEcha Katolickiego\u201d. Przeczytamy jak rozpozna\u0107 powo\u0142anie do s\u0142u\u017cby Panu Bogu, jak\u0105 wizj\u0119 \u015bwi\u0119to\u015bci prezentuje papie\u017c Franciszek w najnowszej adhortacji oraz o Diecezjalnym Kongresie Trze\u017awo\u015bci w Siedlcach.<\/p>\n<p>10. Wczoraj&nbsp; uczennica Paulina Koszewska w finale Biblijnego Konkursu Diecezji Siedleckiej osi\u0105gn\u0119\u0142a wysokie 4 miejsce. Serdecznie gratulujemy.<\/p>\n<h2 style=\"text-align: center;\"><span style=\"color: #ff0000;\">15 kwietnia \u2013 3 Niedziela Wielkanocy<\/span><\/h2>\n<p>1. Dzi\u015b Niedziela Biblijna i Narodowy Dzie\u0144 Czytania Pisma \u015awi\u0119tego. Po Mszy \u015bw. o 9.00 b\u0119dziemy czytali List \u015bw. Paw\u0142a Aposto\u0142a do Rzymian. Zapraszam na spotkanie o godz. 15.00 radnych i ch\u0119tnych do zaanga\u017cowania w organizacji Maj\u00f3wki Patriotycznej (3 maja w \u015bwi\u0119to Matki Bo\u017cej Kr\u00f3lowej Polski).<\/p>\n<p>2. Serdecznie dzi\u0119kuj\u0119 za obecno\u015b\u0107 ks. proboszcza Andrzeja Kani, za s\u0142owo Bo\u017ce oraz za ofiary z\u0142o\u017cone na budow\u0119 ko\u015bcio\u0142a w D\u0119blinie.<\/p>\n<p>3. We wtorek o godz. 8.00 Msza \u015bw. w intencji uczni\u00f3w klasy III gimnazjum o \u015bwiat\u0142o Ducha \u015awi\u0119tego w egzaminach i w wyborze dalszej szko\u0142y. Zapraszam m\u0142odzie\u017c, nauczycieli i rodzic\u00f3w.<\/p>\n<p>4. W najbli\u017csz\u0105 niedziel\u0119 rozpoczynamy Tydzie\u0144 modlitw o powo\u0142ania kap\u0142a\u0144skie i do \u017cycia konsekrowanego. Ofiary na tac\u0119 b\u0119d\u0105 przeznaczone na Wy\u017csze Seminarium Duchowne w Opolu ko\u0142o Siedlec.<\/p>\n<p>5. Jutro i we wtorek od 8.30 zapraszam do pracy przy ko\u015bciele mieszka\u0144c\u00f3w Jan\u00f3wka. Trzeba b\u0119dzie rozbi\u0107 betonow\u0105 opask\u0119 wok\u00f3\u0142 \u015bwi\u0105tyni, aby potem osusza\u0107 fundamenty. Nad pracami czuwa p. Marek Wiel\u0105dek.<\/p>\n<p>6. Dzi\u0119kuj\u0119 za sprz\u0105tanie ko\u015bcio\u0142a rodzinom z Wierzbna i na sobot\u0119 zapraszam: p. Krzysztofa Miszczaka, p. Zbigniewa i Szczepana Staniszewskich, p. Danut\u0119 i Andrzeja Staniszewskich.<\/p>\n<p>7. W sobot\u0119 21 kwietnia w sanktuarium \u015bw. J\u00f3zefa w Szpakach \u201eOjcowski Poligon Duchowy\u201d. Pocz\u0105tek&nbsp; o 19.00. Zach\u0119cam do wzi\u0119cia udzia\u0142u. Program szczeg\u00f3\u0142owy w gablocie przy ko\u015bciele.<\/p>\n<p>8. Do Sakramentu Ma\u0142\u017ce\u0144stwa przygotowuj\u0105 si\u0119: Karol Patoka, kawaler zam. w Helenowie i Sylwia Ob\u0142oza, panna zam. w Helenowie, zapowiedz druga. Otoczmy ich nasz\u0105 modlitw\u0105, aby z Bo\u017c\u0105 pomoc\u0105 stworzyli chrze\u015bcija\u0144sk\u0105 rodzin\u0119.<\/p>\n<p>9. Wczoraj w naszej \u015bwi\u0105tyni zawarli Sakrament Ma\u0142\u017ce\u0144stwa: Monika W\u0105sowska i Przemys\u0142aw Sapryk. \u017byczmy Nowo\u017ce\u0144com obfito\u015bci \u0142aski Bo\u017cej i b\u0142ogos\u0142awie\u0144stwa Bo\u017cego w \u017cyciu ma\u0142\u017ce\u0144skim i rodzinnym.<\/p>\n<p>10. Zach\u0119cam do lektury nowy Nr \u201eEcha Katolickiego\u201d. Przeczytamy o dramacie rolnik\u00f3w z powodu ASF w relacji ks. Stanis\u0142awa Chod\u017aki, o sile s\u0142owa Bo\u017cego w Biblii oraz jak opowiedzie\u0107 si\u0119 po stronie \u017cycia na przyk\u0142adzie Bractwa Ma\u0142ych St\u00f3pek.<\/p>\n<h2 style=\"text-align: center;\"><span style=\"color: #ff0000;\">8 kwietnia &#8211; Niedziela Mi\u0142osierdzia Bo\u017cego<\/span><\/h2>\n<p>1. Dzi\u015b Niedziela Mi\u0142osierdzia Bo\u017cego. Pan Jezus powiedzia\u0142 do s. Faustyny Kowalskiej: \u201eNie znajdzie \u017cadna dusza usprawiedliwienia, dopok\u0105d si\u0119 nie zwr\u00f3ci z ufno\u015bci\u0105 do mi\u0142osierdzia mojego, i dlatego pierwsza niedziela po Wielkanocy ma by\u0107 \u015bwi\u0119tem Mi\u0142osierdzia, a kap\u0142ani maja w dniu tym m\u00f3wi\u0107 duszom o tym wielkim i niezg\u0142\u0119bionym mi\u0142osierdziu moim\u201d (Dz. 570). Dzi\u015b po sumie Koronka do Mi\u0142osierdzia Bo\u017cego. Po Mszy \u015bw. o 9.00 zmianka tajemnic r\u00f3\u017ca\u0144cowych dla wsp\u00f3lnoty rodzic\u00f3w modl\u0105cych si\u0119 za dzieci i katecheza dla rodzic\u00f3w i dzieci klasy III przed pierwsz\u0105 spowiedzi\u0105 i Komuni\u0105 \u015bwi\u0119t\u0105.<\/p>\n<p>2. Dzi\u015b rozpoczynamy Tydzie\u0144 Mi\u0142osierdzia. B\u0119dziemy go prze\u017cywa\u0107 pod has\u0142em: \u201eMocni w Duchu \u015awi\u0119tym\u201d. Ofiary na tac\u0119 s\u0105 przeznaczone na Caritas diecezjaln\u0105.<\/p>\n<p>3. Jutro uroczysto\u015b\u0107 Zwiastowania Pa\u0144skiego, przeniesiona z 25 marca ze wzgl\u0119du na Wielki Tydzie\u0144. Zapraszam na Eucharysti\u0119 o godz. 18.00 i 18.30.<\/p>\n<p>4. W tym tygodniu od poniedzia\u0142ku do czwartku jestem na rekolekcjach kap\u0142a\u0144skich w Opolu, ale b\u0119d\u0119 przyje\u017cd\u017ca\u0142 na Msz\u0119 \u015bw. o 18.00.<\/p>\n<p>5. W najbli\u017csz\u0105 niedziel\u0105 obchodzimy Niedziel\u0119 Biblijn\u0105 i Narodowy Dzie\u0144 Czytania Pisma \u015awi\u0119tego. Czas po Mszy \u015bw. od 10.00 do 12.00 b\u0119dzie wsp\u00f3lnotowym czytaniem Listu \u015bw. Paw\u0142a Aposto\u0142a do Rzymian. Zach\u0119cam do uczestnictwa. B\u0119dziemy te\u017c go\u015bci\u0107 ks. Andrzeja Kani\u0119, kt\u00f3ry wyg\u0142osi homilie i zbierze ofiary na budow\u0119 ko\u015bcio\u0142a w D\u0119blinie.<\/p>\n<p>6. Zapraszam radnych i wszystkich ch\u0119tnych w niedziel\u0119 15 kwietnia o 15.00 na spotkanie, aby podj\u0105\u0107 ustalenia odno\u015bnie Maj\u00f3wki Patriotycznej 3 maja i ods\u0142oni\u0119cia pami\u0105tkowej tablicy.<\/p>\n<p>7. Dzi\u0119kuj\u0119 rodzinom z Wierzbna za sprz\u0105tanie ko\u015bcio\u0142a i na sobot\u0119 zapraszam: p. El\u017cbiet\u0119 i Wincentego Chabiera, p. Mieczys\u0142aw\u0119 Rychlik, p. Krystyn\u0119 i Jana Ko\u015bciesza oraz p. Ann\u0119 i Miros\u0142awa Stankiewicz.<\/p>\n<p>8. Do Sakramentu Ma\u0142\u017ce\u0144stwa przygotowuj\u0105 si\u0119: Karol Patoka, kawaler zam. w Helenowie i Sylwia Ob\u0142oza, panna zam. w Helenowie, zapowiedz pierwsza. Otoczmy ich nasz\u0105 modlitw\u0105, aby z Bo\u017c\u0105 pomoc\u0105 stworzyli chrze\u015bcija\u0144sk\u0105 rodzin\u0119.<\/p>\n<p>9. Zach\u0119cam do lektury nowy Nr \u201eEcha Katolickiego\u201d. Przeczytamy jak rodzi\u0142o si\u0119 powo\u0142anie s. Faustyny, o rozumieniu Koronki do Mi\u0142osierdzia Bo\u017cego oraz jak nie da\u0107 si\u0119 nabra\u0107 na niekorzystne umowy.<\/p>\n<p>10. Pan B\u00f3g powo\u0142a\u0142 do wieczno\u015bci \u015bp. Ew\u0119 Redek. Z ofiar zebranych na pogrzebie b\u0119dzie sprawowanych 13 Mszy \u015bw. o zbawienie jej duszy. Wieczny odpoczynek racz jej da\u0107, Panie\u2026<\/p>\n<h2 style=\"text-align: center;\"><span style=\"color: #ff0000;\">1 kwietnia \u2013 Niedziela Wielkanocy Zmartwychwstania Pa\u0144skiego<\/span><\/h2>\n<p>1. Go\u015bciom i naszym Parafianom, \u017cycz\u0119 paschalnej rado\u015bci, kt\u00f3r\u0105 niesie zwyci\u0119stwo Chrystusa nad \u015bmierci\u0105 i grzechem, \u017cycz\u0119 pokoju i entuzjazmu wiary, by\u015bmy dzielili si\u0119 Dobr\u0105 Nowin\u0105, \u017cycz\u0119 wierno\u015bci chrze\u015bcija\u0144skim zasadom i wdzi\u0119czno\u015bci Bogu za odzyskanie niepodleg\u0142o\u015bci Polski, \u017ce mo\u017cemy \u017cy\u0107 w wolnym Kraju. Chrystus prawdziwie zmartwychwsta\u0142! Alleluja!<\/p>\n<p>2. Wigili\u0105 Paschaln\u0105 o godz. 20.00 rozpocz\u0119li\u015bmy \u015bwi\u0119towanie Zmartwychwstania Pa\u0144skiego. Ca\u0142ym sercem dzi\u0119kuj\u0119 zespo\u0142owi liturgicznemu, kantorom \u015bpiewaj\u0105cym psalmy, druhom stra\u017cakom za wart\u0119 honorow\u0105 przy Grobie Pa\u0144skim, asyst\u0119 i obecno\u015b\u0107 na procesji rezurekcyjnej. Dzi\u0119kuj\u0119 m\u0142odzie\u017cy i doros\u0142ym za dekoracj\u0119 ko\u015bcio\u0142a pod przewodnictwem pani Anety Miklaszewskiej, a pani Marii Komorowskiej za czyste obrusy. Wszystkim dzi\u0119kuj\u0119 za aktywne uczestnictwo w uroczystej Liturgii Triduum Paschalnego. Dzi\u015b na sumie nagrody dla dzieci za gorliwie uczestnictwo w nabo\u017ce\u0144stwach Drogi Krzy\u017cowej i Gorzkich \u017cali. Po sumie wystawienie Naj\u015bwi\u0119tszego Sakramentu z okazji pierwszej niedzieli miesi\u0105ca i koronka do Mi\u0142osierdzia Bo\u017cego.<\/p>\n<p>3. Jutro Poniedzia\u0142ek Wielkanocny i zapraszam na Eucharysti\u0119 o 9.00, 12.00 i 18.00. Ofiary na tac\u0119 s\u0105 przeznaczone na Katolicki Uniwersytet Lubelski, a ofiarami do puszek wesprzemy misjonarza ks. Jaros\u0142awa Dziedzica i misje w Boliwii.<\/p>\n<p>4. Wszystkie dni Oktawy Wielkanocy maj\u0105 rang\u0119 uroczysto\u015bci, dlatego w pi\u0105tek nie obowi\u0105zuje wstrzemi\u0119\u017aliwo\u015b\u0107 od pokarm\u00f3w mi\u0119snych. Od 9.00 w pi\u0105tek odwiedz\u0119 chorych pragn\u0105cych przyj\u0105\u0107 Chrystusa w Komunii \u015bw.<\/p>\n<p>5. W najbli\u017csz\u0105 niedziel\u0119 \u015awi\u0119to Mi\u0142osierdzia Bo\u017cego i rozpocz\u0119cie Tygodnia Mi\u0142osierdzia. Ofiary na tac\u0119 s\u0105 przeznaczone na Caritas Diecezjaln\u0105. Po Mszy \u015bw. o 9.00 katecheza dla rodzic\u00f3w i dzieci przygotowuj\u0105cych si\u0119 do pierwszej spowiedzi i Komunii \u015bw. oraz zmianka r\u00f3\u017ca\u0144cowa dla wsp\u00f3lnoty rodzic\u00f3w modl\u0105cych si\u0119 za dzieci.<\/p>\n<p>6. W najbli\u017csz\u0105 niedziel\u0119 na Mszy \u015bw. o 9.00 mo\u017cna b\u0119dzie podj\u0105\u0107 Dzie\u0142o Duchowej Adopcji Dziecka Pocz\u0119tego. Na stoliku za \u0142awkami le\u017c\u0105 gazety o Duchowej Adopcji Dziecka Pocz\u0119tego. Zach\u0119cam do ich wzi\u0119cia (bezp\u0142atnie), poniewa\u017c du\u017co mo\u017cemy si\u0119 dowiedzie\u0107 o obronie \u017cycia nienarodzonych.<\/p>\n<p>7. W uroczysto\u015b\u0107 NMP, Kr\u00f3lowej Polski, czyli 3 maja, planujemy zorganizowa\u0107 Maj\u00f3wk\u0119 Patriotyczn\u0105, aby uczci\u0107 setn\u0105 rocznic\u0119 odzyskania niepodleg\u0142o\u015bci przez Polsk\u0119. B\u0119dzie ods\u0142oni\u0119ta pami\u0105tkowa tablica na skwerze przed ko\u015bcio\u0142em oraz koncert pie\u015bni patriotycznych. Gor\u0105co prosz\u0119, aby mieszka\u0144cy ka\u017cdej miejscowo\u015bci naszej parafii przygotowali po 3 pie\u015bni patriotyczne i do 15 kwietnia zg\u0142osili jakie to utwory.<\/p>\n<p>8. Do Sakramentu Ma\u0142\u017ce\u0144stwa przygotowuj\u0105 si\u0119: Marcin Szatkowski, kawaler z Ja- worka i Olga Bardakova, panna zam. w Warszawie, zapowiedz trzecia. Otoczmy ich nasz\u0105 modlitw\u0105, aby stworzyli wierz\u0105c\u0105 chrze\u015bcija\u0144sk\u0105 rodzin\u0119.<\/p>\n<p>9. Serdecznie dzi\u0119kuj\u0119 za ofiary na tac\u0119 z ubieg\u0142ej niedzieli na remont elewacji ko\u015bcio\u0142a i dzwonnicy (by\u0142o 3 074 z\u0142). Dzi\u0119kuj\u0119 za sprz\u0105tanie ko\u015bcio\u0142a rodzinom z Wierzbna i na sobot\u0119 zapraszam: p. Mieczys\u0142aw\u0119 i Bogdana Jachimowicz, p. Mariol\u0119 i Tomasza Jachimowicz, p. Wiolett\u0119 i Adama Florowskich oraz p. Arkadiusza Florowskiego.<\/p>\n<p>10. Zach\u0119cam do lektury nowy Nr \u201eEcha Katolickiego\u201d. Przeczytamy, jak rozezna\u0107 wol\u0119 Bo\u017c\u0105, co mo\u017ce by\u0107 naszym \u201egrobem\u201d oraz jak nie przeoczy\u0107 spotkania z Chrystusem Zmartwychwsta\u0142ym.<\/p>\n","protected":false},"excerpt":{"rendered":"<p>Powr\u00f3t do listy og\u0142osze\u0144 29 kwietnia \u2013 5 Niedziela Wielkanocy 1. Ju\u017c 5 Niedziela Wielkanocy. Dzi\u015b od 15.00 nabo\u017ce\u0144stwo po\u015bwi\u0119cenia p\u00f3l w Lesie Jaworskim i Helenowie. Zapraszam do wsp\u00f3lnej modlitwy o dobre urodzaje i b\u0142ogos\u0142awie\u0144stwo Bo\u017ce w trudnej pracy rolnik\u00f3w. Ofiary na tac\u0119 s\u0105 przeznaczone na remont elewacji ko\u015bcio\u0142a i dzwonnicy. Jest grafik na maj dla czytaj\u0105cych S\u0142owo Bo\u017ce podczas Eucharystii. 2. Od wtorku rozpoczynamy miesi\u0105c maj po\u015bwi\u0119cony NMP. Zapraszam na nabo\u017ce\u0144stwa majowe: w dni powszednie po Mszy \u015bw. o 18.00 i w niedziel\u0119 20 minut przed sum\u0105. Dla dzieci b\u0119dzie konkurs aktywno\u015bci i majowa uk\u0142adanka. We wtorek wspomnienie&nbsp; \u015bw. J\u00f3zefa rzemie\u015blnika, Msza \u015bw. o 9.00 i 18.00. Od 15.00 po\u015bwi\u0119cenie p\u00f3l na W\u00f3lce i \u015awidnie, zako\u0144czone Eucharysti\u0105 o Bo\u017ce b\u0142ogos\u0142awie\u0144stwo dla rolnik\u00f3w. 3. Z ca\u0142ego serca zapraszam parafian i go\u015bci na Maj\u00f3wk\u0119 Patriotyczn\u0105 w uroczysto\u015b\u0107 NMP Kr\u00f3lowej Polski. Rozpoczniemy uroczyst\u0105 Eucharysti\u0105 o godz. 11.00, nast\u0119pnie ods\u0142oni\u0119cie pomnika, apel poleg\u0142ych \u2026 <a class=\"continue-reading-link\" href=\"https:\/\/www.parafiawierzbno.com.pl\/?page_id=7242\">Czytaj dalej <span class=\"meta-nav\">&rarr; <\/span><\/a><\/p>\n","protected":false},"author":1,"featured_media":0,"parent":225,"menu_order":0,"comment_status":"closed","ping_status":"closed","template":"","meta":{"ngg_post_thumbnail":0},"_links":{"self":[{"href":"https:\/\/www.parafiawierzbno.com.pl\/index.php?rest_route=\/wp\/v2\/pages\/7242"}],"collection":[{"href":"https:\/\/www.parafiawierzbno.com.pl\/index.php?rest_route=\/wp\/v2\/pages"}],"about":[{"href":"https:\/\/www.parafiawierzbno.com.pl\/index.php?rest_route=\/wp\/v2\/types\/page"}],"author":[{"embeddable":true,"href":"https:\/\/www.parafiawierzbno.com.pl\/index.php?rest_route=\/wp\/v2\/users\/1"}],"replies":[{"embeddable":true,"href":"https:\/\/www.parafiawierzbno.com.pl\/index.php?rest_route=%2Fwp%2Fv2%2Fcomments&post=7242"}],"version-history":[{"count":7,"href":"https:\/\/www.parafiawierzbno.com.pl\/index.php?rest_route=\/wp\/v2\/pages\/7242\/revisions"}],"predecessor-version":[{"id":7253,"href":"https:\/\/www.parafiawierzbno.com.pl\/index.php?rest_route=\/wp\/v2\/pages\/7242\/revisions\/7253"}],"up":[{"embeddable":true,"href":"https:\/\/www.parafiawierzbno.com.pl\/index.php?rest_route=\/wp\/v2\/pages\/225"}],"wp:attachment":[{"href":"https:\/\/www.parafiawierzbno.com.pl\/index.php?rest_route=%2Fwp%2Fv2%2Fmedia&parent=7242"}],"curies":[{"name":"wp","href":"https:\/\/api.w.org\/{rel}","templated":true}]}}